{"version":"1.0","provider_name":"Kuvien takaa","provider_url":"https:\/\/suomenkuvalehti.fi\/kuvien-takaa","title":"Blackface: peseek\u00f6 Riku Nieminen kasvonsa puhtaaksi? - Kuvien takaa","type":"rich","width":600,"height":338,"html":"<blockquote class=\"wp-embedded-content\" data-secret=\"unChNI18gf\"><a href=\"https:\/\/suomenkuvalehti.fi\/kuvien-takaa\/blackface-peseeko-riku-nieminen-kasvonsa-puhtaaksi\/\">Blackface: peseek\u00f6 Riku Nieminen kasvonsa puhtaaksi?<\/a><\/blockquote><iframe sandbox=\"allow-scripts\" security=\"restricted\" src=\"https:\/\/suomenkuvalehti.fi\/kuvien-takaa\/blackface-peseeko-riku-nieminen-kasvonsa-puhtaaksi\/embed\/#?secret=unChNI18gf\" width=\"600\" height=\"338\" title=\"&#8221;Blackface: peseek\u00f6 Riku Nieminen kasvonsa puhtaaksi?&#8221; &#8212; Kuvien takaa\" data-secret=\"unChNI18gf\" frameborder=\"0\" marginwidth=\"0\" marginheight=\"0\" scrolling=\"no\" class=\"wp-embedded-content\"><\/iframe><script type=\"text\/javascript\">\n\/* <![CDATA[ *\/\n\/*! This file is auto-generated *\/\n!function(d,l){\"use strict\";l.querySelector&&d.addEventListener&&\"undefined\"!=typeof URL&&(d.wp=d.wp||{},d.wp.receiveEmbedMessage||(d.wp.receiveEmbedMessage=function(e){var t=e.data;if((t||t.secret||t.message||t.value)&&!\/[^a-zA-Z0-9]\/.test(t.secret)){for(var s,r,n,a=l.querySelectorAll('iframe[data-secret=\"'+t.secret+'\"]'),o=l.querySelectorAll('blockquote[data-secret=\"'+t.secret+'\"]'),c=new RegExp(\"^https?:$\",\"i\"),i=0;i<o.length;i++)o[i].style.display=\"none\";for(i=0;i<a.length;i++)s=a[i],e.source===s.contentWindow&&(s.removeAttribute(\"style\"),\"height\"===t.message?(1e3<(r=parseInt(t.value,10))?r=1e3:~~r<200&&(r=200),s.height=r):\"link\"===t.message&&(r=new URL(s.getAttribute(\"src\")),n=new URL(t.value),c.test(n.protocol))&&n.host===r.host&&l.activeElement===s&&(d.top.location.href=t.value))}},d.addEventListener(\"message\",d.wp.receiveEmbedMessage,!1),l.addEventListener(\"DOMContentLoaded\",function(){for(var e,t,s=l.querySelectorAll(\"iframe.wp-embedded-content\"),r=0;r<s.length;r++)(t=(e=s[r]).getAttribute(\"data-secret\"))||(t=Math.random().toString(36).substring(2,12),e.src+=\"#?secret=\"+t,e.setAttribute(\"data-secret\",t)),e.contentWindow.postMessage({message:\"ready\",secret:t},\"*\")},!1)))}(window,document);\n\/* ]]> *\/\n<\/script>\n","description":"Riku Nieminen otti Twitteriss\u00e4 herneen nen\u00e4\u00e4n, kun h\u00e4nelt\u00e4 kysyttiin, onko ihan ok esiinty\u00e4 blackfacessa. Koomikko ihmetteli k\u00e4rkk\u00e4\u00e4sti, miksi muka on mautonta tehd\u00e4 ohjelmasta mainos, jossa ainoa vitsi on se, ett\u00e4 valkoinen mies on maalattu naamastaan mustaksi ja puhuu hassua \u00f6lisev\u00e4\u00e4 englantia ymm\u00e4rt\u00e4\u00e4kseni &#8221;afrikkala&hellip;","thumbnail_url":"https:\/\/suomenkuvalehti.fi\/kuvien-takaa\/wp-content\/uploads\/sites\/11\/2022\/04\/kalle_kinnunen_blogi-1-scaled.jpg","thumbnail_width":2560,"thumbnail_height":1707}