{"version":"1.0","provider_name":"Kirjailijan p\u00e4iv\u00e4kirja","provider_url":"https:\/\/suomenkuvalehti.fi\/kirjailijanpaivakirja","title":"V\u00e4in\u00f6n kulmilla - Kirjailijan p\u00e4iv\u00e4kirja","type":"rich","width":600,"height":338,"html":"<blockquote class=\"wp-embedded-content\" data-secret=\"2t734YBmaP\"><a href=\"https:\/\/suomenkuvalehti.fi\/kirjailijanpaivakirja\/vainon-kulmilla\/\">V\u00e4in\u00f6n kulmilla<\/a><\/blockquote><iframe sandbox=\"allow-scripts\" security=\"restricted\" src=\"https:\/\/suomenkuvalehti.fi\/kirjailijanpaivakirja\/vainon-kulmilla\/embed\/#?secret=2t734YBmaP\" width=\"600\" height=\"338\" title=\"&#8221;V\u00e4in\u00f6n kulmilla&#8221; &#8212; Kirjailijan p\u00e4iv\u00e4kirja\" data-secret=\"2t734YBmaP\" frameborder=\"0\" marginwidth=\"0\" marginheight=\"0\" scrolling=\"no\" class=\"wp-embedded-content\"><\/iframe><script type=\"text\/javascript\">\n\/* <![CDATA[ *\/\n\/*! This file is auto-generated *\/\n!function(d,l){\"use strict\";l.querySelector&&d.addEventListener&&\"undefined\"!=typeof URL&&(d.wp=d.wp||{},d.wp.receiveEmbedMessage||(d.wp.receiveEmbedMessage=function(e){var t=e.data;if((t||t.secret||t.message||t.value)&&!\/[^a-zA-Z0-9]\/.test(t.secret)){for(var s,r,n,a=l.querySelectorAll('iframe[data-secret=\"'+t.secret+'\"]'),o=l.querySelectorAll('blockquote[data-secret=\"'+t.secret+'\"]'),c=new RegExp(\"^https?:$\",\"i\"),i=0;i<o.length;i++)o[i].style.display=\"none\";for(i=0;i<a.length;i++)s=a[i],e.source===s.contentWindow&&(s.removeAttribute(\"style\"),\"height\"===t.message?(1e3<(r=parseInt(t.value,10))?r=1e3:~~r<200&&(r=200),s.height=r):\"link\"===t.message&&(r=new URL(s.getAttribute(\"src\")),n=new URL(t.value),c.test(n.protocol))&&n.host===r.host&&l.activeElement===s&&(d.top.location.href=t.value))}},d.addEventListener(\"message\",d.wp.receiveEmbedMessage,!1),l.addEventListener(\"DOMContentLoaded\",function(){for(var e,t,s=l.querySelectorAll(\"iframe.wp-embedded-content\"),r=0;r<s.length;r++)(t=(e=s[r]).getAttribute(\"data-secret\"))||(t=Math.random().toString(36).substring(2,12),e.src+=\"#?secret=\"+t,e.setAttribute(\"data-secret\",t)),e.contentWindow.postMessage({message:\"ready\",secret:t},\"*\")},!1)))}(window,document);\n\/* ]]> *\/\n<\/script>\n","description":"Pentinkulman p\u00e4iv\u00e4t on yksi kes\u00e4n hienoista kirjallisuustapahtumista. Viidentuhannen asukkaan Urjala muuttuu viikon ajaksi poikkeuksellisen kirjalliseksi kunnaksi. Ohjelmistossa korostuu V\u00e4in\u00f6 Linnan jalanj\u00e4ljill\u00e4 kulkeminen, mutta alkavan kolmen p\u00e4iv\u00e4n jakson aikana ohjelma on yleiskirjallinen. Oma monivuotinen kes\u00e4peri&hellip;","thumbnail_url":"https:\/\/suomenkuvalehti.fi\/kirjailijanpaivakirja\/wp-content\/uploads\/sites\/21\/2022\/04\/hamalainen_karo06-1-scaled.jpg","thumbnail_width":2560,"thumbnail_height":1706}