{"version":"1.0","provider_name":"Kirjailijan p\u00e4iv\u00e4kirja","provider_url":"https:\/\/suomenkuvalehti.fi\/kirjailijanpaivakirja","title":"Kuka rakastaisi kriitikkoa? - Kirjailijan p\u00e4iv\u00e4kirja","type":"rich","width":600,"height":338,"html":"<blockquote class=\"wp-embedded-content\" data-secret=\"W3s1pliBKO\"><a href=\"https:\/\/suomenkuvalehti.fi\/kirjailijanpaivakirja\/kuka-rakastaisi-kriitikkoa\/\">Kuka rakastaisi kriitikkoa?<\/a><\/blockquote><iframe sandbox=\"allow-scripts\" security=\"restricted\" src=\"https:\/\/suomenkuvalehti.fi\/kirjailijanpaivakirja\/kuka-rakastaisi-kriitikkoa\/embed\/#?secret=W3s1pliBKO\" width=\"600\" height=\"338\" title=\"&#8221;Kuka rakastaisi kriitikkoa?&#8221; &#8212; Kirjailijan p\u00e4iv\u00e4kirja\" data-secret=\"W3s1pliBKO\" frameborder=\"0\" marginwidth=\"0\" marginheight=\"0\" scrolling=\"no\" class=\"wp-embedded-content\"><\/iframe><script type=\"text\/javascript\">\n\/* <![CDATA[ *\/\n\/*! This file is auto-generated *\/\n!function(d,l){\"use strict\";l.querySelector&&d.addEventListener&&\"undefined\"!=typeof URL&&(d.wp=d.wp||{},d.wp.receiveEmbedMessage||(d.wp.receiveEmbedMessage=function(e){var t=e.data;if((t||t.secret||t.message||t.value)&&!\/[^a-zA-Z0-9]\/.test(t.secret)){for(var s,r,n,a=l.querySelectorAll('iframe[data-secret=\"'+t.secret+'\"]'),o=l.querySelectorAll('blockquote[data-secret=\"'+t.secret+'\"]'),c=new RegExp(\"^https?:$\",\"i\"),i=0;i<o.length;i++)o[i].style.display=\"none\";for(i=0;i<a.length;i++)s=a[i],e.source===s.contentWindow&&(s.removeAttribute(\"style\"),\"height\"===t.message?(1e3<(r=parseInt(t.value,10))?r=1e3:~~r<200&&(r=200),s.height=r):\"link\"===t.message&&(r=new URL(s.getAttribute(\"src\")),n=new URL(t.value),c.test(n.protocol))&&n.host===r.host&&l.activeElement===s&&(d.top.location.href=t.value))}},d.addEventListener(\"message\",d.wp.receiveEmbedMessage,!1),l.addEventListener(\"DOMContentLoaded\",function(){for(var e,t,s=l.querySelectorAll(\"iframe.wp-embedded-content\"),r=0;r<s.length;r++)(t=(e=s[r]).getAttribute(\"data-secret\"))||(t=Math.random().toString(36).substring(2,12),e.src+=\"#?secret=\"+t,e.setAttribute(\"data-secret\",t)),e.contentWindow.postMessage({message:\"ready\",secret:t},\"*\")},!1)))}(window,document);\n\/* ]]> *\/\n<\/script>\n","description":"Jean Sibelius kehotti olemaan kiinnitt\u00e4m\u00e4tt\u00e4 huomiota siihen, mit\u00e4 kriitikot sanovat. \u201dKriitikoille ei ole koskaan pystytetty yht\u00e4\u00e4n patsasta\u201d, h\u00e4nen v\u00e4itet\u00e4\u00e4n tokaisseen \u2013 sanamuoto vaihtelee l\u00e4hteest\u00e4 toiseen. Sibelius ei suinkaan ole ainut taiteilija, joka on suhtautunut kriitikoihin nuivasti. Eik\u00e4 ihminen ylip\u00e4\u00e4t\u00e4\u00e4n. Suomen&hellip;","thumbnail_url":"https:\/\/suomenkuvalehti.fi\/kirjailijanpaivakirja\/wp-content\/uploads\/sites\/21\/2022\/04\/hamalainen_karo06-1-scaled.jpg","thumbnail_width":2560,"thumbnail_height":1706}